{"id":1117,"date":"2021-05-26T11:51:36","date_gmt":"2021-05-26T11:51:36","guid":{"rendered":"https:\/\/www.transportas.de\/?post_type=portfolio&#038;p=1117"},"modified":"2021-05-26T12:35:35","modified_gmt":"2021-05-26T12:35:35","slug":"selbstrollende-gueter-auf-der-schiene","status":"publish","type":"portfolio","link":"https:\/\/www.transportas.de\/index.php\/portfolio\/selbstrollende-gueter-auf-der-schiene\/","title":{"rendered":"Wir glauben an nachhaltige Transportl\u00f6sungen auf der Schiene."},"content":{"rendered":"[vc_row thb_divider_position=&#8220;bottom&#8220;][vc_column][vc_empty_space height=&#8220;5vh&#8220;][\/vc_column][\/vc_row][vc_row thb_divider_position=&#8220;bottom&#8220;][vc_column][vc_column_text el_class=&#8220;link&#8220;]\n<h2><b>Unser Dreh- und Angelpunkt<\/b><\/h2>\n<p>Der G\u00fcterbahnhof Neuoffingen auf der Achse Stuttgart | M\u00fcnchen. Von dort aus haben wir eine direkte Verbindung in den Norden via Donauw\u00f6rth | W\u00fcrzburg.<\/p>\n<h2><b>Unsere Leistungsf\u00e4higkeit<\/b><\/h2>\n<p>Mit insgesamt 4 Rangiergleisen f\u00fcr Ganzz\u00fcge (751 m) und 2 Ladegleisen mit einer aktuellen L\u00e4nge von 375 m sind wir auf die Verladung von selbstrollender Fracht spezialisiert. Hinzu kommt eine Lager- und Abstellfl\u00e4che von ca. 25.000 qm, die sich f\u00fcr gr\u00f6\u00dferes Volumen erweitern l\u00e4sst.[\/vc_column_text][\/vc_column][\/vc_row][vc_row thb_divider_position=&#8220;bottom&#8220;][vc_column][vc_gmaps link=&#8220;#E-8_JTNDaWZyYW1lJTIwc3JjJTNEJTIyaHR0cHMlM0ElMkYlMkZ3d3cuZ29vZ2xlLmNvbSUyRm1hcHMlMkZlbWJlZCUzRnBiJTNEJTIxMW0xNCUyMTFtOCUyMTFtMyUyMTFkNjUzNTIzLjI3MjEyMDM1MyUyMTJkOS44ODMwMzAzMDU4OTMyMzIlMjEzZDQ4LjUxNDg2MDU2Njk4NDI3NSUyMTNtMiUyMTFpMTAyNCUyMTJpNzY4JTIxNGYxMy4xJTIxM20zJTIxMW0yJTIxMXMweDAlMjUzQTB4YmE4NzZkZWViZTQ5YzRmYSUyMTJzU2Nod2FiZW4lMjUyMERhbXBmJTI1MjBlLlYuJTIxNWUwJTIxM20yJTIxMXNkZSUyMTJzZGUlMjE0djE2MjE2Njk3NzkzNjElMjE1bTIlMjExc2RlJTIxMnNkZSUyMiUyMHdpZHRoJTNEJTIyNjAwJTIyJTIwaGVpZ2h0JTNEJTIyNDUwJTIyJTIwc3R5bGUlM0QlMjJib3JkZXIlM0EwJTNCJTIyJTIwYWxsb3dmdWxsc2NyZWVuJTNEJTIyJTIyJTIwbG9hZGluZyUzRCUyMmxhenklMjIlM0UlM0MlMkZpZnJhbWUlM0U=&#8220; size=&#8220;&#8220; css_animation=&#8220;fadeIn&#8220; title=&#8220;Wir sind in Ihrer N\u00e4he&#8220;][\/vc_column][\/vc_row][vc_row thb_divider_position=&#8220;bottom&#8220;][vc_column][vc_column_text el_class=&#8220;link&#8220;]\n<div class=\"page\" title=\"Page 12\">\n<div class=\"section\">\n<div class=\"layoutArea\">\n<div class=\"column\">\n<p>Klimafreundliche Transportl\u00f6sungen spielen eine wichtige Rolle auf dem Weg in eine nachhaltigere Zukunft. Dank Wind- und Solarenergie ist der Bahntransport innerhalb Europas besonders \u00f6kologisch und kann bis zu 90% der CO2-Emissionen pro Transport einsparen. Wir organisieren f\u00fcr Sie Teil- und Ganzz\u00fcge, haben Zugriff auf verschiedene Zugsysteme und bieten auch kombinierte Lieferungen per Bahn an. Ihr Ticket f\u00fcr einen optimalen Transport mit gutem Gewissen.<u><\/u><u><\/u><\/p>\n<p><u><\/u><u><\/u>Sind Sie bereit, Ihre Fracht auf die Schiene zu bringen? Wir sind es.<\/div>\n<\/div>\n<\/div>\n<\/div>\n[\/vc_column_text][\/vc_column][\/vc_row][vc_row thb_divider_position=&#8220;bottom&#8220; css=&#8220;.vc_custom_1621761720458{padding-top: 5vh !important;}&#8220;][vc_column][vc_separator][vc_column_text]\n<h2>Rufen Sie uns an<\/h2>\n<p><a href=\"tel:+ 49 7351 587 58-0\">+ 49 (0) 7351 587 58 0<\/a>[\/vc_column_text][vc_separator][vc_column_text]\n<h2>Oder schreiben Sie uns<\/h2>\n[\/vc_column_text][vc_separator]<div role=\"form\" class=\"wpcf7\" id=\"wpcf7-f1129-o1\" lang=\"en-US\" dir=\"ltr\">\n<div class=\"screen-reader-response\"><p role=\"status\" aria-live=\"polite\" aria-atomic=\"true\"><\/p> <ul><\/ul><\/div>\n<form action=\"\/index.php\/wp-json\/wp\/v2\/portfolio\/1117#wpcf7-f1129-o1\" method=\"post\" class=\"wpcf7-form init\" novalidate=\"novalidate\" data-status=\"init\">\n<div style=\"display: none;\">\n<input type=\"hidden\" name=\"_wpcf7\" value=\"1129\" \/>\n<input type=\"hidden\" name=\"_wpcf7_version\" value=\"5.4\" \/>\n<input type=\"hidden\" name=\"_wpcf7_locale\" value=\"en_US\" \/>\n<input type=\"hidden\" name=\"_wpcf7_unit_tag\" value=\"wpcf7-f1129-o1\" \/>\n<input type=\"hidden\" name=\"_wpcf7_container_post\" value=\"0\" \/>\n<input type=\"hidden\" name=\"_wpcf7_posted_data_hash\" value=\"\" \/>\n<input type=\"hidden\" name=\"_wpcf7_recaptcha_response\" value=\"\" \/>\n<\/div>\n<div class=\"row\">\n<div class=\"small-12 large-6 columns\">\n<label>Ihr Name<\/label> <span class=\"wpcf7-form-control-wrap your-firstname\"><input type=\"text\" name=\"your-firstname\" value=\"\" size=\"40\" class=\"wpcf7-form-control wpcf7-text wpcf7-validates-as-required full\" aria-required=\"true\" aria-invalid=\"false\" \/><\/span>\n<\/div>\n<div class=\"small-12 large-6 columns\">\n<label>Ihre E-mail-Adresse<\/label> <span class=\"wpcf7-form-control-wrap your-email\"><input type=\"text\" name=\"your-email\" value=\"\" size=\"40\" class=\"wpcf7-form-control wpcf7-text wpcf7-validates-as-required full\" aria-required=\"true\" aria-invalid=\"false\" \/><\/span>\n<\/div>\n<div class=\"small-12 large-6 columns\">\n<label>Ihre Telefonnummer<\/label> <span class=\"wpcf7-form-control-wrap your\"><input type=\"tel\" name=\"your\" value=\"\" size=\"40\" class=\"wpcf7-form-control wpcf7-text wpcf7-tel wpcf7-validates-as-required wpcf7-validates-as-tel full\" aria-required=\"true\" aria-invalid=\"false\" \/><\/span>\n<\/div>\n<div class=\"small-12 large-6 columns\">\n<label>Gew\u00fcnschte R\u00fcckrufzeit<\/label> <span class=\"wpcf7-form-control-wrap preferred\"><input type=\"text\" name=\"preferred\" value=\"\" size=\"40\" class=\"wpcf7-form-control wpcf7-text full\" aria-invalid=\"false\" \/><\/span>\n<\/div>\n<div class=\"small-12 columns\">\n<label>Ihre Nachricht<\/label> <span class=\"wpcf7-form-control-wrap your-message\"><textarea name=\"your-message\" cols=\"40\" rows=\"10\" class=\"wpcf7-form-control wpcf7-textarea full\" aria-invalid=\"false\"><\/textarea><\/span>\n<\/div>\n<\/div>\n<div class=\"row\">\n<div class=\"small-12 columns\">\n<span class=\"wpcf7-form-control-wrap recaptcha\"><span data-sitekey=\"6LeqsGIaAAAAAOQHHC_hGI6Sp0jWnLY0kOFKuPPF\" class=\"wpcf7-form-control g-recaptcha wpcf7-recaptcha\"><\/span>\r\n<noscript>\r\n\t<div class=\"grecaptcha-noscript\">\r\n\t\t<iframe loading=\"lazy\" src=\"https:\/\/www.google.com\/recaptcha\/api\/fallback?k=6LeqsGIaAAAAAOQHHC_hGI6Sp0jWnLY0kOFKuPPF\" frameborder=\"0\" scrolling=\"no\" width=\"310\" height=\"430\">\r\n\t\t<\/iframe>\r\n\t\t<textarea name=\"g-recaptcha-response\" rows=\"3\" cols=\"40\" placeholder=\"reCaptcha Response Here\">\r\n\t\t<\/textarea>\r\n\t<\/div>\r\n<\/noscript>\r\n<\/span>\n<p><br>\n<\/div>\n<\/div>\n<div class=\"row\">\n<div class=\"small-12 columns\">\n<input type=\"submit\" value=\"Absenden\" class=\"wpcf7-form-control wpcf7-submit btn\" \/>\n<\/div>\n<\/div>\n<div class=\"wpcf7-response-output\" aria-hidden=\"true\"><\/div><\/form><\/div>[vc_empty_space height=&#8220;5vh&#8220;][\/vc_column][\/vc_row]\n","protected":false},"excerpt":{"rendered":"<p>[vc_row thb_divider_position=&#8220;bottom&#8220;][vc_column][vc_empty_space height=&#8220;5vh&#8220;][\/vc_column][\/vc_row][vc_row thb_divider_position=&#8220;bottom&#8220;][vc_column][vc_column_text el_class=&#8220;link&#8220;] Unser Dreh- und Angelpunkt Der G\u00fcterbahnhof Neuoffingen auf der Achse Stuttgart | M\u00fcnchen. Von dort aus haben wir eine direkte Verbindung in den Norden via Donauw\u00f6rth | W\u00fcrzburg. Unsere Leistungsf\u00e4higkeit Mit insgesamt 4 Rangiergleisen f\u00fcr Ganzz\u00fcge (751 m) und 2 Ladegleisen mit einer aktuellen L\u00e4nge von 375 m sind wir&hellip;<\/p>\n","protected":false},"author":1,"featured_media":0,"comment_status":"closed","ping_status":"closed","template":"","tags":[],"class_list":["post-1117","portfolio","type-portfolio","status-publish","hentry"],"_links":{"self":[{"href":"https:\/\/www.transportas.de\/index.php\/wp-json\/wp\/v2\/portfolio\/1117","targetHints":{"allow":["GET"]}}],"collection":[{"href":"https:\/\/www.transportas.de\/index.php\/wp-json\/wp\/v2\/portfolio"}],"about":[{"href":"https:\/\/www.transportas.de\/index.php\/wp-json\/wp\/v2\/types\/portfolio"}],"author":[{"embeddable":true,"href":"https:\/\/www.transportas.de\/index.php\/wp-json\/wp\/v2\/users\/1"}],"replies":[{"embeddable":true,"href":"https:\/\/www.transportas.de\/index.php\/wp-json\/wp\/v2\/comments?post=1117"}],"version-history":[{"count":9,"href":"https:\/\/www.transportas.de\/index.php\/wp-json\/wp\/v2\/portfolio\/1117\/revisions"}],"predecessor-version":[{"id":1134,"href":"https:\/\/www.transportas.de\/index.php\/wp-json\/wp\/v2\/portfolio\/1117\/revisions\/1134"}],"wp:attachment":[{"href":"https:\/\/www.transportas.de\/index.php\/wp-json\/wp\/v2\/media?parent=1117"}],"wp:term":[{"taxonomy":"post_tag","embeddable":true,"href":"https:\/\/www.transportas.de\/index.php\/wp-json\/wp\/v2\/tags?post=1117"}],"curies":[{"name":"wp","href":"https:\/\/api.w.org\/{rel}","templated":true}]}}